{"id":333,"date":"2018-11-13T13:52:06","date_gmt":"2018-11-13T13:52:06","guid":{"rendered":"http:\/\/www.steinhau.com\/quartierlatin-berlin\/wordpress\/?page_id=333"},"modified":"2020-05-03T14:19:22","modified_gmt":"2020-05-03T14:19:22","slug":"die-presseschau","status":"publish","type":"page","link":"http:\/\/www.steinhau.com\/quartierlatin-berlin\/wordpress\/die-presseschau\/","title":{"rendered":"Presseschau"},"content":{"rendered":"\n<p>So schreiben und berichten die Medien \u00fcber unser Quartier Latin-Buch, manche interviewen uns auch dazu:<\/p>\n\n\n\n<p><a href=\"https:\/\/www.jazzinstitut.de\/new-books-2018\/?lang=de\"><strong>Jazz-Institut Darmstadt:<\/strong><\/a> \u201eEs gibt Orte, die eine Stadt pr\u00e4gen, und das Quartiert Latin war ein solcher Ort, zumindest f\u00fcr das Westberlin der 1970er und 1980er Jahre. In einem schweren, aufw\u00e4ndigen und mit seltenen Fotos bebilderten Prachtband erinnern jetzt Marco Sa\u00df, Sohn des langj\u00e4hrigen Betreibers, und Henry Steinhau, der den Club viele Jahre als Musikjournalist besucht hat, an den Spielort und seine Funktion im wilden Westberlin jener Jahre. \u2026 &nbsp;\u2026&nbsp;Und so ist dieses Buch vor allem ein Beitrag zur Kulturgeschichte Westberlins, zu der Jazz einen nicht unwichtigen Beitrag geleistet hat.\u201c \u2013 <em>Wolfram Knauer<\/em>, April 2019<\/p>\n\n\n\n<p><strong>rbb \u201eKultur\u201c (rbb Fernsehen):<\/strong> <a href=\"https:\/\/mediathek.rbb-online.de\/tv\/rbb-Kultur\/Quartier-Latin\/rbb-Fernsehen\/Video?bcastId=52243694&amp;documentId=58243460\">Viermin\u00fctiger Beitrag<\/a>&nbsp;\u00fcber das Quartier Latin, seine Geschichte, seine Betreiber. Darin O-T\u00f6ne von einem im Wintergarten gedrehten Interview mit Marco Sa\u00df sowie dokumentarische Aufnahmen aus dem Quartier. \u201eEin neues Buch versammelt nun all die Geschichten rund ums alte Quartier Latin.\u201c [<a href=\"https:\/\/www.rbb-online.de\/rbbkultur\/dasmagazin\/archiv\/20181201_1830\/quartier-latin.html\">Archivseite mit den O- und Off-T\u00f6nen des TV-Beitrags.<\/a>] \u2013 <i>Sascha Hilpert,&nbsp;<\/i>1. Dezember 2018<\/p>\n\n\n\n<p><strong>JAZZPODIUM:&nbsp;<\/strong>\u201eDas Buch dokumentiert ein St\u00fcck Berliner Musik- und Kulturgeschichte\u201c<em>&nbsp;\u2013 Rainer Bratfisch<\/em>, Ausgabe 12\/18-1\/19<\/p>\n\n\n\n<p><a href=\"http:\/\/www.steinhau.com\/quartierlatin-berlin\/wordpress\/so-wars-beim-rockradio-de-live-in-speiches-rock-und-blueskneipe\/\"><strong>Rockradio.de &#8211; Live aus Speiches Rock- und Blueskneipe<\/strong><\/a>, 20. November 2018, Moderation und Interviews: <em>Petra Schwarz<\/em>.<\/p>\n\n\n\n<p><strong>Berliner Zeitung:&nbsp;<\/strong><a href=\"https:\/\/www.berliner-zeitung.de\/kultur\/erinnerungen-an-quartier-latin-sehnsuchtsort-auf-der-potsdamer-strasse-31533022\">\u201eQuartier Latin: Bildband erz\u00e4hlt die bewegte Geschichte des Berliner Musikladens\u201c<\/a><em>&nbsp;\u2013 Harry Nutt<\/em>, 4. November 2018<\/p>\n\n\n\n<p><strong>Berliner Morgenpost: <\/strong>\u201eWo die Berliner Nacht pulsierte\u201c \u2013 Rezension und Empfehlung im Rahmen eines Artikels zur Frankfurter Buchmesse 2018, in dem <a href=\"http:\/\/www.steinhau.com\/quartierlatin-berlin\/wordpress\/rezension-und-empfehlung-in-der-berliner-morgenpost\/\">10 B\u00fccher als \u201eDie B\u00fccher dieses Herbstes\u201c<\/a> vorgestellt werden. \u2013 <em>FM<\/em>, 10.10.2018 (Artikel nicht auf der Webseite der Berliner Morgenpost verf\u00fcgbar, aber <em>beim Archivdienst Genios<\/em> zu finden)<\/p>\n\n\n\n<p><strong>Radio Eins (rbb): <\/strong><a href=\"https:\/\/www.radioeins.de\/programm\/sendungen\/schoenestrasse\/potsdamer-strasse\/beitraege\/quartier-latin-berlin.html?fbclid=IwAR0vi5-zPNwFle7lYW6ohvZZSUnga-OuG1oIvKB84pk_Pl48J7MmTYaCMq0\">Marco Sa\u00df und Henry Steinhau zu Gast in der Sendung \u201eDie sch\u00f6ne Stra\u00dfe\u201c \u00fcber die Potsdamer Stra\u00dfe<\/a>&nbsp;\u2013 bei <em>Katja Weber und Holger Klein<\/em>, 21. September 2018<\/p>\n\n\n\n<p><strong>Kulturradio (rbb):<\/strong> <a href=\"https:\/\/www.kulturradio.de\/programm\/schema\/sendungen\/kulturradio_am_nachmittag\/archiv\/20180919_1505\/zu_gast_1610.html?fbclid=IwAR2qGpjHRkZfj1SFXDn6MlHaq4rTkYaru0343aNvTiCV06vuPtzrE6spADo\">Marco Sa\u00df zu Gast im Studio<\/a> &nbsp;\u2013 19. September 2018<\/p>\n\n\n\n<p><strong><a href=\"https:\/\/www.kreuzberger-chronik.de\">Kreuzberger Chronik<\/a>:<\/strong> <span style=\"color: #ff0000;\">Portr\u00e4t \u00fcber Marco Sa\u00df mit Hinweis auf das Buch und Fotos daraus<\/span>&nbsp;(bisher nur als gedruckte Ausgabe verf\u00fcgbar) \u2013 <em>Edith Siepmann<\/em>, Ausgabe September 2018<\/p>\n\n\n\n<p><strong><span class=\"_5afx\"><span class=\"_58cm\">Zitty:&nbsp;<\/span><\/span><\/strong><a href=\"https:\/\/www.facebook.com\/quartierlatin.berlin\/photos\/a.2013487128915233\/2135849743345637\/?type=3&amp;eid=ARCiB4TN3T71K6qxYTQ2AdMU0bVUeT7ohFAZmCIR05nldx9ixjuyzxW2BeP-aUTQYjGjexmzRz_2Roht&amp;__xts__%5B0%5D=68.ARDrueZWqnS806OtAV3UKUEXYd3dE33HRUIGvcdkFCfdPBcoOUqXpyvj5dhHdkcf-GzJoPqgBQZ6LbXDmvNREcsulrTJlIHZjyzNB2coHqBIFe6V17nj6WW-f2Clmgc5xccYoIY6QKf110oE5QbYkzfh9am5Lz0w2p8gW04vsSF12JxXE0FU2HOlYHWrC6pPrriQCaTIICRK0xtFKwzKxWINFJlvY5Vk1ZOUtHSSPlFDuylPc1rIxTuEv1tCyqGdFH8ctN32FOo9v4tATtCN1424y00HjqSkvSzYqv6fASwbIDSL8IUlmt29gSOyD4T3JI28p-MmBiVCWRxdkapwjSBAO5K9&amp;__tn__=EEHH-R\">\u201eSalon der Stars &#8211; Ein Buch \u00fcber den Sch\u00f6neberger Musikclub Quartier Latin\u201c<\/a><em>&nbsp;\u2013 <\/em>Ausgabe 32\/2018<\/p>\n\n\n\n<p><strong>Berliner Zeitung:<\/strong> <span style=\"color: #ff0000;\"><a href=\"http:\/\/www.steinhau.com\/quartierlatin-berlin\/wordpress\/artikel-zum-buch-in-der-berliner-zeitung-vom-3-8-18\/\">\u201eGeliebter Laden. Marco Sa\u00df will dem legend\u00e4ren Quartier Latin mit einem Buch ein Denkmal setzen<\/a>\u201c<\/span> (Artikel nicht auf der Webseite der Berliner Zeitung verf\u00fcgbar, aber <em>beim Archivdienst Genios<\/em>&nbsp;zu finden) \u2013 <em>Andreas Kurtz<\/em>, 3. August 2018<\/p>\n\n\n\n<p><strong>Berliner Morgenpost: <\/strong><a href=\"https:\/\/www.morgenpost.de\/berlin\/article214669363\/Rock-im-Rotlichtviertel.html?fbclid=IwAR3dVp-wqe0Nhk07O168-I2IeB1ARx3K_uiBcevc9jt0qVZvbMs4e6a7Qyw\">\u201eRock im Rotlichtviertel. Wo heute der \u2018Wintergarten\u2018 ist, spielten fr\u00fcher Bands. Ein neues Buch zeigt den Konzertclub \u2018Quartier Latin\u2018\u201c<\/a> \u2013&nbsp;<span class=\"author-info__name-text\"><em>Patrick Goldstein<\/em>, 24. Juni 2018<\/span><\/p>\n\n\n\n<p><strong>Forum &#8211; Das Wochenmagazin: <\/strong><a href=\"https:\/\/magazin-forum.de\/de\/node\/9726?fbclid=IwAR2Hr_PejODjLs9XUVvzmDxpLcAjtyZEVlY2H7hKvcu6uG-Vzd6B0ku1Op4#article\">\u201eDas \u2018Quartier Latin\u2018 \u2013 war einer der beliebtesten Konzertorte im alten Westberlin. Ein Bildband l\u00e4sst jetzt die turbulente Geschichte der fr\u00fcheren Kult-Location aufleben\u201c<\/a> \u2013&nbsp;<em>Sibylle N\u00e4gele und Joy Markert<\/em>, 22. Juni 2018<\/p>\n\n\n\n<p><a href=\"http:\/\/www.grooove-station.de\"><strong>Groove-Station<\/strong><\/a>: <span style=\"color: #ff0000;\">Henry Steinhau zu Gast in der Live-Sendung&nbsp;<\/span>(Sendung\/Beitrag nicht mehr online verf\u00fcgbar) \u2013 bei <em>Thomas B. Stoye<\/em>, 15. Juni 2018<\/p>\n\n\n\n<p><strong><a href=\"https:\/\/www.radioeins.de\/homepage\/\">Radio Eins (rbb)<\/a>: <\/strong><span style=\"color: #ff0000;\">Marco Sa\u00df und Henry Steinhau zu Gast in der Sendung \u201eLive aus dem Babylon\u201c<\/span>&nbsp;(Sendung\/Beitrag nicht mehr online verf\u00fcgbar) \u2013 bei <em>Marion Brasch<\/em>, 13. Juni 2018<\/p>\n\n\n\n<p><strong>Streetclip:<\/strong> <a href=\"http:\/\/streetclip.de\/2018\/06\/13\/crowdfunding-kampagne-quartier-latin-das-buch-zum-legendaeren-musikladen\/?fbclid=IwAR33CIinPvwnsxVfchbydDnjiyGf4Tm3-Fr9HjuB8N6kWwZkamciLavnHQE\">\u201eDAS QUARTIER LATIN BERLIN: Ein geplantes Buch &amp; ein Live-Abend bringen die Geschichte des Berliner Musikladens zur\u00fcck\u201c<\/a> \u2013&nbsp;<em>Michael Haifl<\/em>, 13. Juni 2018<\/p>\n\n\n\n<p><strong>iRights.Lab Live<\/strong>: <a href=\"https:\/\/www.facebook.com\/iRights.lab\/videos\/2166601676702633\/?t=0\">\u201eInterview mit Henry Steinhau zum Crowdfunding-Projekt Quartier Latin-Buch\u201c<\/a> \u2013 <em>Ludwig Reicherstorfer<\/em>, 7. Juni 2018<\/p>\n\n\n\n<p><strong>VisionBakery:&nbsp;<a href=\"https:\/\/www.visionbakery.com\/vb\/blog\/quartier-latin-berlin\/?fbclid=IwAR09Q4JMCI5n-Omre1quSrmevqbAJUXvZ5Wthf7be-AiKo8HaRj6Q8CvUAQ\">\u201eCrowdfunding Interview: Quartier Latin Berlin\u201c<\/a><\/strong> \u2013 6. Juni 2018<\/p>\n\n\n\n<p><strong>Berliner Abendblatt:&nbsp;<\/strong><a href=\"http:\/\/www.abendblatt-berlin.de\/2018\/05\/31\/buch-erweckt-kult-ort-zum-neuen-leben\/\">\u201eBuch erweckt Kult-Ort zum neuen Leben\u201c<\/a><em>&nbsp;\u2013 Christina Lopinski,<\/em>&nbsp;30. Mai 2018<\/p>\n\n\n\n<p><strong>Der Tagesspiegel:&nbsp;<\/strong><a href=\"https:\/\/www.tagesspiegel.de\/berlin\/legendaerer-konzertsaal-in-tiergarten-das-quartier-latin-als-die-potse-noch-rockte\/22602266.html\">\u201eDas &#8218;Quartier Latin&#8216; war einst einer der angesagtesten Musiktempel West-Berlins. Ein Buchprojekt soll nun an ihn erinnern\u201c<\/a><em>&nbsp;\u2013 Andreas Conrad<\/em>, 29. Mai 2018<\/p>\n","protected":false},"excerpt":{"rendered":"<p>So schreiben und berichten die Medien \u00fcber unser Quartier Latin-Buch, manche interviewen uns auch dazu: Jazz-Institut Darmstadt: \u201eEs gibt Orte,<\/p>\n","protected":false},"author":1,"featured_media":0,"parent":0,"menu_order":0,"comment_status":"closed","ping_status":"closed","template":"","meta":{"jetpack_post_was_ever_published":false,"footnotes":""},"class_list":["post-333","page","type-page","status-publish","hentry","comments-off"],"jetpack_sharing_enabled":true,"jetpack_shortlink":"https:\/\/wp.me\/P9SoaN-5n","jetpack-related-posts":[],"jetpack_likes_enabled":true,"_links":{"self":[{"href":"http:\/\/www.steinhau.com\/quartierlatin-berlin\/wordpress\/wp-json\/wp\/v2\/pages\/333","targetHints":{"allow":["GET"]}}],"collection":[{"href":"http:\/\/www.steinhau.com\/quartierlatin-berlin\/wordpress\/wp-json\/wp\/v2\/pages"}],"about":[{"href":"http:\/\/www.steinhau.com\/quartierlatin-berlin\/wordpress\/wp-json\/wp\/v2\/types\/page"}],"author":[{"embeddable":true,"href":"http:\/\/www.steinhau.com\/quartierlatin-berlin\/wordpress\/wp-json\/wp\/v2\/users\/1"}],"replies":[{"embeddable":true,"href":"http:\/\/www.steinhau.com\/quartierlatin-berlin\/wordpress\/wp-json\/wp\/v2\/comments?post=333"}],"version-history":[{"count":25,"href":"http:\/\/www.steinhau.com\/quartierlatin-berlin\/wordpress\/wp-json\/wp\/v2\/pages\/333\/revisions"}],"predecessor-version":[{"id":858,"href":"http:\/\/www.steinhau.com\/quartierlatin-berlin\/wordpress\/wp-json\/wp\/v2\/pages\/333\/revisions\/858"}],"wp:attachment":[{"href":"http:\/\/www.steinhau.com\/quartierlatin-berlin\/wordpress\/wp-json\/wp\/v2\/media?parent=333"}],"curies":[{"name":"wp","href":"https:\/\/api.w.org\/{rel}","templated":true}]}}